{"id":1773,"date":"2022-03-12T11:07:18","date_gmt":"2022-03-12T10:07:18","guid":{"rendered":"https:\/\/acontrevents63.fr\/?page_id=1773"},"modified":"2023-05-19T17:04:37","modified_gmt":"2023-05-19T15:04:37","slug":"bibliographie","status":"publish","type":"page","link":"https:\/\/acontrevents63.fr\/?page_id=1773","title":{"rendered":"Bibliographie"},"content":{"rendered":"<p>Voici une liste d&#8217;ouvrages autour des \u00e9nergies renouvelables, des parcs \u00e9oliens, en France en Europe et dans le monde.<\/p>\n<p>Comme vous le voyez et malgr\u00e9 des recherches, il est tr\u00e8s difficile de trouver des ouvrages complets et document\u00e9s pr\u00f4nant l\u2019\u00e9olien comme La Solution.<\/p>\n<p>Les ouvrages techniques sur l&#8217;impl\u00e9mentation \u00e9olien sont tous ax\u00e9s sur les installations offshores. C&#8217;est \u00e0 dire en mer uniquement.<\/p>\n\n\n<div class=\"wp-block-media-text alignwide is-stacked-on-mobile\" style=\"grid-template-columns:17% auto\"><figure class=\"wp-block-media-text__media\"><img fetchpriority=\"high\" decoding=\"async\" width=\"686\" height=\"1024\" src=\"https:\/\/acontrevents63.fr\/wp-content\/uploads\/2022\/03\/Eoliennes-686x1024.jpg\" alt=\"\" class=\"wp-image-1775 size-full\" srcset=\"https:\/\/acontrevents63.fr\/wp-content\/uploads\/2022\/03\/Eoliennes-686x1024.jpg 686w, https:\/\/acontrevents63.fr\/wp-content\/uploads\/2022\/03\/Eoliennes-201x300.jpg 201w, https:\/\/acontrevents63.fr\/wp-content\/uploads\/2022\/03\/Eoliennes-768x1146.jpg 768w, https:\/\/acontrevents63.fr\/wp-content\/uploads\/2022\/03\/Eoliennes-1029x1536.jpg 1029w, https:\/\/acontrevents63.fr\/wp-content\/uploads\/2022\/03\/Eoliennes.jpg 1038w\" sizes=\"(max-width: 686px) 100vw, 686px\" \/><\/figure><div class=\"wp-block-media-text__content\">\n<h2 class=\"wp-block-heading\">Eoliennes : la face noire de la transition \u00e9cologique<\/h2>\n\n\n\n<p>Elles sont partout, incarnant le symbole de la transition&nbsp;\u00e9cologique : sur les sites internet institutionnels, dans&nbsp;les livres scolaires, les publicit\u00e9s, les films, les m\u00e9dias&#8230;&nbsp;Les \u00e9oliennes ont envahi les campagnes et les littoraux&nbsp;et sont devenues dans le monde entier, par une propagande&nbsp;syst\u00e9matique, le symbole de l&#8217;\u00e9cologie et de la lutte pour&nbsp;le climat.Et pourtant, derri\u00e8re cette image verte&#8230; Pollution,&nbsp;\u00e9missions de CO2, atteintes \u00e0 la sant\u00e9 et \u00e0 la biodiversit\u00e9,&nbsp;d\u00e9tournement de fonds publics, augmentation du prix&nbsp;de l&#8217;\u00e9lectricit\u00e9, conflits d&#8217;int\u00e9r\u00eat, mafia : d\u00e9couvrez ce que&nbsp;le lobby du vent vous cache sur les \u00e9oliennes.<br><em><strong>Fabien Bougl\u00e9<\/strong> est depuis dix ans expert de l&#8217;\u00e9olien et&nbsp;auteur de nombreuses \u00e9tudes et tribunes alertant sur le sujet.&nbsp;Chef d&#8217;entreprise dans le secteur financier et culturel, il est&nbsp;\u00e9galement \u00e9lu municipal.<\/em><\/p>\n<\/div><\/div>\n\n\n\n<div class=\"wp-block-media-text alignwide is-stacked-on-mobile\" style=\"grid-template-columns:17% auto\"><figure class=\"wp-block-media-text__media\"><img decoding=\"async\" width=\"300\" height=\"500\" src=\"https:\/\/acontrevents63.fr\/wp-content\/uploads\/2022\/03\/la-peste-eolienne.jpg\" alt=\"\" class=\"wp-image-1776 size-full\" srcset=\"https:\/\/acontrevents63.fr\/wp-content\/uploads\/2022\/03\/la-peste-eolienne.jpg 300w, https:\/\/acontrevents63.fr\/wp-content\/uploads\/2022\/03\/la-peste-eolienne-180x300.jpg 180w\" sizes=\"(max-width: 300px) 100vw, 300px\" \/><\/figure><div class=\"wp-block-media-text__content\">\n<h2 class=\"wp-block-heading\">Alerte &#8211; La peste \u00e9olienne<\/h2>\n\n\n\n<p>L&#8217;\u00e9nergie \u00e9olienne a-t-elle un vrai r\u00f4le \u00e0 jouer dans le &#8221; mix \u00e9nerg\u00e9tique &#8221; on ne rel\u00e8ve-t-elle que d&#8217;une imposture plus juteuse pour ses producteurs et pour ses promoteurs que pour le commun des mortels ? Vivons-nous l&#8217;\u00e8re des marchands de vent, dans le mauvais sens du mot ? Patrice Cahart ne voudrait pas que l&#8217;on apporte une fausse solution au vrai probl\u00e8me que constitue le r\u00e9chauffement de notre plan\u00e8te. Sachant qu&#8217;une \u00e9olienne ne fonctionne en moyenne, dans notre pays, qu&#8217;\u00e0 24 % de sa puissance, il est indispensable d&#8217;assurer le compl\u00e9ment, et de recourir au gaz, polluant. L&#8217;\u00e9olien est donc une fausse \u00e9nergie propre, une fausse \u00e9nergie renouvelable.<br>Les \u00e9oliennes, dont certaines atteignent maintenant deux cents m\u00e8tres de hauteur, ravagent nos paysages, qui sont le cadre de vie des Fran\u00e7ais, et l&#8217;une des bases de notre tourisme.<br>De surcro\u00eet, le courant d&#8217;origine \u00e9olienne co\u00fbte deux fois plus cher que celui des centrales nucl\u00e9aires actuellement en service, dont l&#8217;exemple des \u00c9tats-Unis montre qu&#8217;on peut les prolonger durant une quarantaine d&#8217;ann\u00e9es. La r\u00e9alisation du programme \u00e9olien actuel engloutirait des dizaines de milliards qui seraient bien plus utiles ailleurs (d\u00e9veloppement des v\u00e9hicules \u00e9lectriques, isolation des b\u00e2timents). Pour que vous retrouvez votre libert\u00e9 de penser, Patrice Cahart vous donne les vrais clef du probl\u00e8me<\/p>\n<\/div><\/div>\n\n\n\n<div class=\"wp-block-media-text alignwide is-stacked-on-mobile\" style=\"grid-template-columns:17% auto\"><figure class=\"wp-block-media-text__media\"><img decoding=\"async\" width=\"313\" height=\"500\" src=\"https:\/\/acontrevents63.fr\/wp-content\/uploads\/2022\/03\/41nHI7GjQhL.jpg\" alt=\"\" class=\"wp-image-1781 size-full\" srcset=\"https:\/\/acontrevents63.fr\/wp-content\/uploads\/2022\/03\/41nHI7GjQhL.jpg 313w, https:\/\/acontrevents63.fr\/wp-content\/uploads\/2022\/03\/41nHI7GjQhL-188x300.jpg 188w\" sizes=\"(max-width: 313px) 100vw, 313px\" \/><\/figure><div class=\"wp-block-media-text__content\">\n<h2 class=\"wp-block-heading\">Eolien, une catastrophe silencieuse: Co\u00fbts, nuisances, efficacit\u00e9, les chiffres qui font peur<\/h2>\n\n\n\n<p>La France compte d\u00e9j\u00e0 plus de 6500 \u00e9oliennes et il est pr\u00e9vu d&#8217;en installer au moins 20000 dans les prochaines ann\u00e9es. Des machines de 180 m\u00e8tres de haut faites pour durer longtemps. Ing\u00e9nieur et sp\u00e9cialiste du sujet, Jean-Louis Butr\u00e9 propose aux citoyens de se poser les questions suivantes : pourquoi importer ces machines pour produire une \u00e9lectricit\u00e9 suppl\u00e9mentaire qui co\u00fbte deux fois plus cher ? Pourquoi, alors que la France exportait encore il y a peu 15% de sa production, l&#8217;implantation de ces engins conduit-il \u00e0 importer de l&#8217;\u00e9lectricit\u00e9 ? Pourquoi cette industrie est-elle aussi lourdement subventionn\u00e9e ? Qui se cache derri\u00e8re le puissant lobby des promoteurs \u00e9oliens ? Pourquoi ne dit-on pas que les \u00e9oliennes produisent indirectement du gaz \u00e0 effet de serre et que l&#8217;\u00e9lectricit\u00e9 d&#8217;origine \u00e9olienne est de mauvaise qualit\u00e9 ? quel est l&#8217;impact de l&#8217;\u00e9olien sur les comptes d\u00e9sastreux d&#8217;EDF ? Au final, par del\u00e0 le scandale \u00e9conomique et d\u00e9mocratique, le lecteur d\u00e9couvre effar\u00e9 qu&#8217;au gr\u00e9 de marchandages entre des communes, des propri\u00e9taires et des promoteurs, la France est en passe de subir un v\u00e9ritable massacre de ses paysages sans le plus petit avantage pour l&#8217;int\u00e9r\u00eat g\u00e9n\u00e9ral.<\/p>\n<\/div><\/div>\n\n\n\n<div class=\"wp-block-media-text alignwide is-stacked-on-mobile\" style=\"grid-template-columns:17% auto\"><figure class=\"wp-block-media-text__media\"><img loading=\"lazy\" decoding=\"async\" width=\"700\" height=\"1024\" src=\"https:\/\/acontrevents63.fr\/wp-content\/uploads\/2022\/03\/61Ziq2Q7qSL-700x1024.jpg\" alt=\"\" class=\"wp-image-1783 size-full\" srcset=\"https:\/\/acontrevents63.fr\/wp-content\/uploads\/2022\/03\/61Ziq2Q7qSL-700x1024.jpg 700w, https:\/\/acontrevents63.fr\/wp-content\/uploads\/2022\/03\/61Ziq2Q7qSL-205x300.jpg 205w, https:\/\/acontrevents63.fr\/wp-content\/uploads\/2022\/03\/61Ziq2Q7qSL-768x1124.jpg 768w, https:\/\/acontrevents63.fr\/wp-content\/uploads\/2022\/03\/61Ziq2Q7qSL.jpg 800w\" sizes=\"(max-width: 700px) 100vw, 700px\" \/><\/figure><div class=\"wp-block-media-text__content\">\n<h2 class=\"wp-block-heading\">Eoliennes : chronique d&#8217;un naufrage annonc\u00e9<\/h2>\n\n\n\n<p>Le grand plan de d\u00e9veloppement de l\u2019\u00e9nergie \u00e9olienne en France va-t-il tourner au naufrage ? Tout semble l\u2019annoncer. Des doutes de plus en plus forts et justifi\u00e9s entourent ce choix \u00e9nerg\u00e9tique qui r\u00e9pond essentiellement \u00e0 des consid\u00e9rations politiques. Dans toutes les r\u00e9gions de France se manifeste une opposition croissante de la part des riverains contre les \u00e9oliennes qui menacent leur environnement et leur sant\u00e9, mais aussi des Fran\u00e7ais en g\u00e9n\u00e9ral, r\u00e9volt\u00e9s par le saccage de leurs paysages et le gaspillage des deniers publics.<br>Trompeusement par\u00e9 de toutes les vertus \u00e9cologiques, le d\u00e9veloppement en France des \u00e9oliennes, destructrices du patrimoine et de notre potentiel touristique, n\u2019ob\u00e9it \u00e0 aucune logique climatique ou \u00e9conomique. Il donne lieu \u00e0 des montages financiers souvent opaques qui ne profitent qu\u2019\u00e0 un petit nombre d\u2019initi\u00e9s, alors que c\u2019est l\u2019ensemble des Fran\u00e7ais qui, par leurs imp\u00f4ts et les taxes per\u00e7ues sur les factures d\u2019\u00e9lectricit\u00e9, supportent le co\u00fbt insens\u00e9 de cette politique irresponsable.<br>Il est plus que temps de renoncer \u00e0 cette utopie \u00e9cologique qui ne correspond ni aux sp\u00e9cificit\u00e9s de la France en mati\u00e8re de paysages, ni \u00e0 son mod\u00e8le \u00e9nerg\u00e9tique, et qui nous conduit collectivement vers un d\u00e9sastre culturel, environnemental, sanitaire et financier sans pr\u00e9c\u00e9dent.<\/p>\n<\/div><\/div>\n\n\n\n<div class=\"wp-block-media-text alignwide is-stacked-on-mobile\" style=\"grid-template-columns:17% auto\"><figure class=\"wp-block-media-text__media\"><img loading=\"lazy\" decoding=\"async\" width=\"721\" height=\"1024\" src=\"https:\/\/acontrevents63.fr\/wp-content\/uploads\/2022\/03\/51pitppLReL-721x1024.jpg\" alt=\"\" class=\"wp-image-1784 size-full\" srcset=\"https:\/\/acontrevents63.fr\/wp-content\/uploads\/2022\/03\/51pitppLReL-721x1024.jpg 721w, https:\/\/acontrevents63.fr\/wp-content\/uploads\/2022\/03\/51pitppLReL-211x300.jpg 211w, https:\/\/acontrevents63.fr\/wp-content\/uploads\/2022\/03\/51pitppLReL-768x1091.jpg 768w, https:\/\/acontrevents63.fr\/wp-content\/uploads\/2022\/03\/51pitppLReL.jpg 1000w\" sizes=\"(max-width: 721px) 100vw, 721px\" \/><\/figure><div class=\"wp-block-media-text__content\">\n<h2 class=\"wp-block-heading\">Le scandale \u00e9olien<\/h2>\n\n\n\n<p>L&#8217;image d&#8217;une \u00e9nergie propre capable de remplacer le nucl\u00e9aire et utile dans la lutte contre le r\u00e9chauffement climatique, entretenue par les partisans de l&#8217;\u00e9olien, est un mythe qui justifie de coloniser le territoire fran\u00e7ais sans aucun encadrement public. Les a\u00e9rog\u00e9n\u00e9rateurs investissent dor\u00e9navant tout le pays avec des machines monstrueuses de plus de 200 m\u00e8tres de hauteur, d\u00e9naturant les plus beaux territoires et d\u00e9gradant le cadre de vie de milliers de personnes. L&#8217;Etat prot\u00e8ge les sp\u00e9culateurs du vent contre les citoyens qu&#8217;il est cens\u00e9 prot\u00e9ger, par le d\u00e9mant\u00e8lement progressif du droit de l&#8217;environnement et le recul de la d\u00e9mocratie.<\/p>\n<\/div><\/div>\n\n\n\n<div class=\"wp-block-media-text alignwide is-stacked-on-mobile\" style=\"grid-template-columns:17% auto\"><figure class=\"wp-block-media-text__media\"><img loading=\"lazy\" decoding=\"async\" width=\"642\" height=\"1024\" src=\"https:\/\/acontrevents63.fr\/wp-content\/uploads\/2022\/03\/717Znrsi0QL-642x1024.jpg\" alt=\"\" class=\"wp-image-1786 size-full\" srcset=\"https:\/\/acontrevents63.fr\/wp-content\/uploads\/2022\/03\/717Znrsi0QL-642x1024.jpg 642w, https:\/\/acontrevents63.fr\/wp-content\/uploads\/2022\/03\/717Znrsi0QL-188x300.jpg 188w, https:\/\/acontrevents63.fr\/wp-content\/uploads\/2022\/03\/717Znrsi0QL-768x1225.jpg 768w, https:\/\/acontrevents63.fr\/wp-content\/uploads\/2022\/03\/717Znrsi0QL-963x1536.jpg 963w, https:\/\/acontrevents63.fr\/wp-content\/uploads\/2022\/03\/717Znrsi0QL-1284x2048.jpg 1284w, https:\/\/acontrevents63.fr\/wp-content\/uploads\/2022\/03\/717Znrsi0QL.jpg 1600w\" sizes=\"(max-width: 642px) 100vw, 642px\" \/><\/figure><div class=\"wp-block-media-text__content\">\n<h2 class=\"wp-block-heading\">Les \u00e9oliennes: Th\u00e9orie, conception et calcul pratique<\/h2>\n\n\n\n<p>Ce livre est destin\u00e9 aux ing\u00e9nieurs, techniciens et chercheurs. Il est le fruit d&#8217;une coop\u00e9ration internationale. C&#8217;est un ouvrage scientifique et technique de valeur, tr\u00e8s complet et pratique, qui permet au lecteur de devenir rapidement op\u00e9rationnel. Il est sans \u00e9quivalent dans la litt\u00e9rature mondiale.<\/p>\n\n\n\n<p>Il contient toutes les th\u00e9ories n\u00e9cessaires pour calculer une \u00e9olienne destin\u00e9e \u00e0 effectuer un service donn\u00e9, qu&#8217;il s&#8217;agisse de machines \u00e0 axe horizontal ou vertical. Il comprend plusieurs chapitres novateurs concernant en particulier, les nouveaux a\u00e9rog\u00e9n\u00e9rateurs, les parcs \u00e9oliens terrestres et offshore, le calcul des hydroliennes et l&#8217;int\u00e9gration de l&#8217;\u00e9nergie \u00e9olienne dans le parc national de production d&#8217;\u00e9lectricit\u00e9. Les probl\u00e8mes de pollution et du renouvellement des centrales nucl\u00e9aires sont \u00e9galement abord\u00e9s. Sa marque essentielle est la simplicit\u00e9.<\/p>\n\n\n\n<p>L&#8217;ouvrage comporte de nombreuses figures et des photographies en couleur, des programmes de calcul et de multiples exemples d&#8217;application \u00e0 des projets concrets d&#8217;installations, que le lecteur ne manquera pas d&#8217;appr\u00e9cier.<\/p>\n<\/div><\/div>\n\n\n\n<div class=\"wp-block-media-text alignwide is-stacked-on-mobile\" style=\"grid-template-columns:17% auto\"><figure class=\"wp-block-media-text__media\"><img loading=\"lazy\" decoding=\"async\" width=\"726\" height=\"1024\" src=\"https:\/\/acontrevents63.fr\/wp-content\/uploads\/2022\/03\/71Q9WTln5WL-726x1024.jpg\" alt=\"\" class=\"wp-image-1789 size-full\" srcset=\"https:\/\/acontrevents63.fr\/wp-content\/uploads\/2022\/03\/71Q9WTln5WL-726x1024.jpg 726w, https:\/\/acontrevents63.fr\/wp-content\/uploads\/2022\/03\/71Q9WTln5WL-213x300.jpg 213w, https:\/\/acontrevents63.fr\/wp-content\/uploads\/2022\/03\/71Q9WTln5WL-768x1084.jpg 768w, https:\/\/acontrevents63.fr\/wp-content\/uploads\/2022\/03\/71Q9WTln5WL-1088x1536.jpg 1088w, https:\/\/acontrevents63.fr\/wp-content\/uploads\/2022\/03\/71Q9WTln5WL.jpg 1400w\" sizes=\"(max-width: 726px) 100vw, 726px\" \/><\/figure><div class=\"wp-block-media-text__content\">\n<h2 class=\"wp-block-heading\">\u00c9nergie \u00e9olienne &#8211; 3e \u00e9d. &#8211; Du petit \u00e9olien \u00e0 l&#8217;\u00e9olien off shore<\/h2>\n\n\n\n<p>L\u2019objectif de cet ouvrage op\u00e9rationnel, richement illustr\u00e9, est de comprendre les d\u00e9veloppements, les enjeux et les probl\u00e9matiques actuels et futurs de l\u2019\u00e9olien.<br>Cette troisi\u00e8me \u00e9dition met l\u2019accent sur les <strong>parcs offshore<\/strong>, les <strong>nouvelles solutions techniques<\/strong> et les <strong>nouvelles r\u00e9glementations<\/strong>.<br>L\u2019\u00e9nergie \u00e9olienne est un guide pratique indispensable pour tous les ing\u00e9nieurs et techniciens en \u00e9nerg\u00e9tique (recherche, \u00e9tudes, production, etc.), mais aussi pour toute personne curieuse de d\u00e9couvrir cette technologie en plein essor.<\/p>\n\n\n\n<p><\/p>\n<\/div><\/div>\n\n\n\n<div class=\"wp-block-media-text alignwide is-stacked-on-mobile\" style=\"grid-template-columns:17% auto\"><figure class=\"wp-block-media-text__media\"><img loading=\"lazy\" decoding=\"async\" width=\"791\" height=\"1024\" src=\"https:\/\/acontrevents63.fr\/wp-content\/uploads\/2022\/03\/71zHyejvF2L-791x1024.jpg\" alt=\"\" class=\"wp-image-1791 size-full\" srcset=\"https:\/\/acontrevents63.fr\/wp-content\/uploads\/2022\/03\/71zHyejvF2L-791x1024.jpg 791w, https:\/\/acontrevents63.fr\/wp-content\/uploads\/2022\/03\/71zHyejvF2L-232x300.jpg 232w, https:\/\/acontrevents63.fr\/wp-content\/uploads\/2022\/03\/71zHyejvF2L-768x994.jpg 768w, https:\/\/acontrevents63.fr\/wp-content\/uploads\/2022\/03\/71zHyejvF2L.jpg 1000w\" sizes=\"(max-width: 791px) 100vw, 791px\" \/><\/figure><div class=\"wp-block-media-text__content\">\n<h2 class=\"wp-block-heading\">Construire un Parc \u00c9olien Offshore: Guide Op\u00e9rationnel<\/h2>\n\n\n\n<p><br><br>Plongez dans le monde de l&#8217;\u00e9olien en mer et donnez un coup de pouce \u00e0 vos connaissances gr\u00e2ce \u00e0 ce manuel d\u00e9taill\u00e9 !<br><br>Construire un parc \u00e9olien en mer &#8211; Guide du ma\u00eetre op\u00e9rationnel a remport\u00e9 le prix du &#8221; Meilleur livre sur l&#8217;\u00e9nergie \u00e9olienne de tous les temps &#8221; d\u00e9cern\u00e9 par Bookauthority en 2019, seulement 5 mois apr\u00e8s sa premi\u00e8re publication.<\/p>\n\n\n\n<p><\/p>\n<\/div><\/div>\n\n\n\n<div class=\"wp-block-columns is-not-stacked-on-mobile is-layout-flex wp-container-core-columns-is-layout-9d6595d7 wp-block-columns-is-layout-flex\">\n<div class=\"wp-block-column is-layout-flow wp-block-column-is-layout-flow\" style=\"flex-basis:300px\">\n<div class=\"wp-block-columns is-layout-flex wp-container-core-columns-is-layout-9d6595d7 wp-block-columns-is-layout-flex\">\n<div class=\"wp-block-column is-layout-flow wp-block-column-is-layout-flow\" style=\"flex-basis:100%\"><\/div>\n<\/div>\n<\/div>\n<\/div>\n\n\n\n<div class=\"wp-block-columns is-layout-flex wp-container-core-columns-is-layout-9d6595d7 wp-block-columns-is-layout-flex\">\n<div class=\"wp-block-column is-layout-flow wp-block-column-is-layout-flow\" style=\"flex-basis:100%\"><\/div>\n<\/div>\n\n\n\n<p><\/p>\n","protected":false},"excerpt":{"rendered":"<p>Voici une liste d&#8217;ouvrages autour des \u00e9nergies renouvelables, des parcs \u00e9oliens, en France en Europe et dans le monde. Comme vous le voyez et malgr\u00e9 des recherches, il est tr\u00e8s&#8230;<\/p>\n","protected":false},"author":1,"featured_media":0,"parent":0,"menu_order":0,"comment_status":"closed","ping_status":"closed","template":"","meta":{"om_disable_all_campaigns":false,"_monsterinsights_skip_tracking":false,"_monsterinsights_sitenote_active":false,"_monsterinsights_sitenote_note":"","_monsterinsights_sitenote_category":0,"ngg_post_thumbnail":0,"_kad_post_transparent":"","_kad_post_title":"","_kad_post_layout":"normal","_kad_post_sidebar_id":"","_kad_post_content_style":"","_kad_post_vertical_padding":"","_kad_post_feature":"","_kad_post_feature_position":"","_kad_post_header":false,"_kad_post_footer":false,"footnotes":""},"class_list":["post-1773","page","type-page","status-publish","hentry"],"aioseo_notices":[],"_links":{"self":[{"href":"https:\/\/acontrevents63.fr\/index.php?rest_route=\/wp\/v2\/pages\/1773","targetHints":{"allow":["GET"]}}],"collection":[{"href":"https:\/\/acontrevents63.fr\/index.php?rest_route=\/wp\/v2\/pages"}],"about":[{"href":"https:\/\/acontrevents63.fr\/index.php?rest_route=\/wp\/v2\/types\/page"}],"author":[{"embeddable":true,"href":"https:\/\/acontrevents63.fr\/index.php?rest_route=\/wp\/v2\/users\/1"}],"replies":[{"embeddable":true,"href":"https:\/\/acontrevents63.fr\/index.php?rest_route=%2Fwp%2Fv2%2Fcomments&post=1773"}],"version-history":[{"count":8,"href":"https:\/\/acontrevents63.fr\/index.php?rest_route=\/wp\/v2\/pages\/1773\/revisions"}],"predecessor-version":[{"id":2236,"href":"https:\/\/acontrevents63.fr\/index.php?rest_route=\/wp\/v2\/pages\/1773\/revisions\/2236"}],"wp:attachment":[{"href":"https:\/\/acontrevents63.fr\/index.php?rest_route=%2Fwp%2Fv2%2Fmedia&parent=1773"}],"curies":[{"name":"wp","href":"https:\/\/api.w.org\/{rel}","templated":true}]}}