{"id":1433,"date":"2022-02-27T11:36:33","date_gmt":"2022-02-27T10:36:33","guid":{"rendered":"https:\/\/acontrevents63.fr\/?page_id=1433"},"modified":"2023-12-14T19:36:30","modified_gmt":"2023-12-14T18:36:30","slug":"ce-que-nous-savons-du-projet","status":"publish","type":"page","link":"https:\/\/acontrevents63.fr\/?page_id=1433","title":{"rendered":"Ce que nous savons du projet"},"content":{"rendered":"\t\t<div data-elementor-type=\"wp-page\" data-elementor-id=\"1433\" class=\"elementor elementor-1433\">\n\t\t\t\t\t\t<section class=\"elementor-section elementor-top-section elementor-element elementor-element-ba3ba09 elementor-section-boxed elementor-section-height-default elementor-section-height-default\" data-id=\"ba3ba09\" data-element_type=\"section\" data-e-type=\"section\">\n\t\t\t\t\t\t<div class=\"elementor-container elementor-column-gap-default\">\n\t\t\t\t\t<div class=\"elementor-column elementor-col-66 elementor-top-column elementor-element elementor-element-8ff5881\" data-id=\"8ff5881\" data-element_type=\"column\" data-e-type=\"column\">\n\t\t\t<div class=\"elementor-widget-wrap elementor-element-populated\">\n\t\t\t\t\t\t<div class=\"elementor-element elementor-element-6fafa48 elementor-widget__width-initial elementor-widget elementor-widget-text-editor\" data-id=\"6fafa48\" data-element_type=\"widget\" data-e-type=\"widget\" data-widget_type=\"text-editor.default\">\n\t\t\t\t<div class=\"elementor-widget-container\">\n\t\t\t\t\t\t\t\t\t<p><\/p>\n<p>St Hilaire Durable<br \/>Montcel Durable a pr\u00e9sent\u00e9 son projet \u00e9olien lors de son dernier conseil de pilotage.<\/p>\n<p>Voici le sc\u00e9nario retenu<\/p>\n<p>\u00a0<\/p>\n<p><img fetchpriority=\"high\" decoding=\"async\" class=\"alignnone size-large wp-image-2352\" src=\"https:\/\/acontrevents63.fr\/wp-content\/uploads\/2023\/12\/carte-eolienne-distance-dec-2023-1024x604.png\" alt=\"\" width=\"1024\" height=\"604\" srcset=\"https:\/\/acontrevents63.fr\/wp-content\/uploads\/2023\/12\/carte-eolienne-distance-dec-2023-1024x604.png 1024w, https:\/\/acontrevents63.fr\/wp-content\/uploads\/2023\/12\/carte-eolienne-distance-dec-2023-300x177.png 300w, https:\/\/acontrevents63.fr\/wp-content\/uploads\/2023\/12\/carte-eolienne-distance-dec-2023-768x453.png 768w, https:\/\/acontrevents63.fr\/wp-content\/uploads\/2023\/12\/carte-eolienne-distance-dec-2023.png 1433w\" sizes=\"(max-width: 1024px) 100vw, 1024px\" \/><\/p>\n<p>Trois \u00e9oliennes g\u00e9antes de 190 m de haut aux C\u00f4tes \u00e0 St Hilaire La Croix.<br \/>S\u2019estimant moins impact\u00e9s dans le projet initial, cela ne fait pas aujourd\u2019hui le bonheur des habitants de<br \/>St Hilaire La Croix et, notamment, ceux des lieux-dits des Bajarits, du Bournet, des Roches, du Bois des<br \/>Lapins et de Bonneval qui se retrouvent seulement \u00e0 quelques centaines de m\u00e8tres des \u00e9oliennes avec<br \/>leurs nuisances sonores et visuelles et des biens certainement d\u00e9valu\u00e9s comme le montre la carte jointe.<\/p>\n<p>\u00a0<\/p>\n<p><\/p>\t\t\t\t\t\t\t\t<\/div>\n\t\t\t\t<\/div>\n\t\t\t\t\t<\/div>\n\t\t<\/div>\n\t\t\t\t<div class=\"elementor-column elementor-col-33 elementor-top-column elementor-element elementor-element-abea253\" data-id=\"abea253\" data-element_type=\"column\" data-e-type=\"column\">\n\t\t\t<div class=\"elementor-widget-wrap\">\n\t\t\t\t\t\t\t<\/div>\n\t\t<\/div>\n\t\t\t\t\t<\/div>\n\t\t<\/section>\n\t\t\t\t<\/div>\n\t\t","protected":false},"excerpt":{"rendered":"<p>St Hilaire DurableMontcel Durable a pr\u00e9sent\u00e9 son projet \u00e9olien lors de son dernier conseil de pilotage. Voici le sc\u00e9nario retenu \u00a0 Trois \u00e9oliennes g\u00e9antes de 190 m de haut aux&#8230;<\/p>\n","protected":false},"author":1,"featured_media":0,"parent":0,"menu_order":0,"comment_status":"closed","ping_status":"closed","template":"","meta":{"om_disable_all_campaigns":false,"_monsterinsights_skip_tracking":false,"_monsterinsights_sitenote_active":false,"_monsterinsights_sitenote_note":"","_monsterinsights_sitenote_category":0,"ngg_post_thumbnail":0,"_kad_post_transparent":"","_kad_post_title":"hide","_kad_post_layout":"fullwidth","_kad_post_sidebar_id":"","_kad_post_content_style":"unboxed","_kad_post_vertical_padding":"hide","_kad_post_feature":"hide","_kad_post_feature_position":"","_kad_post_header":false,"_kad_post_footer":false,"footnotes":""},"class_list":["post-1433","page","type-page","status-publish","hentry"],"aioseo_notices":[],"_links":{"self":[{"href":"https:\/\/acontrevents63.fr\/index.php?rest_route=\/wp\/v2\/pages\/1433","targetHints":{"allow":["GET"]}}],"collection":[{"href":"https:\/\/acontrevents63.fr\/index.php?rest_route=\/wp\/v2\/pages"}],"about":[{"href":"https:\/\/acontrevents63.fr\/index.php?rest_route=\/wp\/v2\/types\/page"}],"author":[{"embeddable":true,"href":"https:\/\/acontrevents63.fr\/index.php?rest_route=\/wp\/v2\/users\/1"}],"replies":[{"embeddable":true,"href":"https:\/\/acontrevents63.fr\/index.php?rest_route=%2Fwp%2Fv2%2Fcomments&post=1433"}],"version-history":[{"count":17,"href":"https:\/\/acontrevents63.fr\/index.php?rest_route=\/wp\/v2\/pages\/1433\/revisions"}],"predecessor-version":[{"id":2355,"href":"https:\/\/acontrevents63.fr\/index.php?rest_route=\/wp\/v2\/pages\/1433\/revisions\/2355"}],"wp:attachment":[{"href":"https:\/\/acontrevents63.fr\/index.php?rest_route=%2Fwp%2Fv2%2Fmedia&parent=1433"}],"curies":[{"name":"wp","href":"https:\/\/api.w.org\/{rel}","templated":true}]}}